{"id":26237,"date":"2024-02-14T14:00:17","date_gmt":"2024-02-14T12:00:17","guid":{"rendered":"https:\/\/jaaaeg.ee\/laurits-miski-on-koigega-seotud\/"},"modified":"2025-03-24T20:10:43","modified_gmt":"2025-03-24T18:10:43","slug":"laurits-miski-on-koigega-seotud","status":"publish","type":"page","link":"https:\/\/jaaaeg.ee\/ru\/naitused\/laurits-miski-on-koigega-seotud\/","title":{"rendered":"Peeter Laurits &#8220;Miski on k\u00f5igega seotud&#8221;"},"content":{"rendered":"<h2><b>Peeter Laurits \u201cMiski on k\u00f5igega seotud\u201d<\/b><\/h2>\n<p><span style=\"font-weight: 400;\">Peeter Lauritsa autorin\u00e4itus pakub uusi viise looduse n\u00e4gemiseks ja tajumiseks.<\/span><\/p>\n<p><span style=\"font-weight: 400;\">\u201eMa armastan v\u00e4ga suuri ja vanu metsi, kuhu v\u00f5ib \u00e4ra eksida. Eksida p\u00e4riselt, v\u00f5tmata taskust telefoni, uurimata kaarti, mitte otsides koduteed, vaid uidates v\u00e4rskete silmadega ringi ja olles m\u00f5nuga eksinud. Niimoodi n\u00e4eb rohkem ja saab tunda metsa palju selgema tajuga. Mets on tohutusuur salap\u00e4rane ja ilus elustik, kus k\u00f5ik eluvormid on \u00fcksteisega seotud ja r\u00e4\u00e4givad sinuga tuhandes keeles,\u201c r\u00e4\u00e4gib Laurits.<\/span><\/p>\n<p><span style=\"font-weight: 400;\">N\u00e4itus \u201eMiski on k\u00f5igiga seotud\u201c koosneb suurem\u00f5\u00f5tmelistest fotodest ja videoinstallatsioonist. N\u00e4ituse helikujunduse autoriteks on helilooja Ann Reimann ja bioloog Veljo Runnel.&nbsp;<\/span><\/p>\n<p><span style=\"font-weight: 400;\">Peeter Laurits on \u00f5ppinud Tartu ja Leningradi Riiklikes \u00dclikoolides, Eesti Humanitaarinstituudis ning Rahvusvahelises Fotograafiakeskuses New Yorgis. Lauritsa peamisteks v\u00e4ljendusvahenditeks on fotograafia ning digitaalsed manipulatsioonid. Muude tunnustuste hulgas on Peeter Laurits Kristjan Raua aastapreemia (2004), Eesti Kultuurkapitali arhitektuuri sihtkapitali aastapreemia (2009), Eerik Haameri kunstiauhinna (2023) laureaat. Laurits kureerib 2021. aastast rahvusvahelist teadus- ja kunstis\u00fcmpoosionit Biotoopia.<\/span><\/p>\n<p><span style=\"font-weight: 400;\">Aaastal 2023 nomineeriti Peeter Laurits Balti Assamblee kunsti auhinna laureaadiks.<\/span><\/p>\n<p>T\u00e4name toetuse eest <a href=\"https:\/\/www.loodusmuuseum.ee\/et\" target=\"_blank\" rel=\"noopener\">Eesti Loodusmuuseumi<\/a> ja Kultuurkapitali.<\/p>\n<p><a href=\"https:\/\/www.peeterlaurits.com\/\" target=\"_blank\" rel=\"noopener\">Rohkem infot autori PEETER LAURITSa kohta leiad siit.<\/a><\/p>\n<p>Fotod kajastavad n\u00e4ituse avamist. Fotod Rasmus Karja.<\/p>\nngg_shortcode_0_placeholder<b>Helikujundus: <\/b><span style=\"font-weight: 400;\">Ann Reiman, Veljo Runnel<\/span><\/p>\n<p><b>VR animatsioon:<\/b><span style=\"font-weight: 400;\"> Maido Hollo, Tolm stuudio<\/span><\/p>\n<p><b>Tr\u00fckk:<\/b><span style=\"font-weight: 400;\"> Siim Vahur, Artprint<\/span><\/p>\n<p><b>Keeletoimetus:<\/b><span style=\"font-weight: 400;\"> Leelo Laurits, Kristi Lahne<\/span><\/p>\n<p><span style=\"font-weight: 400;\"><strong>N\u00e4ituse projektijuht J\u00e4\u00e4aja Keskuses:<\/strong> K\u00e4trin Beljaev&nbsp;<\/span><\/p>\n<p><b>Toetajad: <\/b><span style=\"font-weight: 400;\">SA Saadj\u00e4rve, Eesti Kultuurkapital, Eesti Loodusmuuseum<\/span><\/p>\n<p><b>Toimumise ajavahemik: <\/b>oktoober 2023 &#8211; september 2024<\/p>\n<p>&nbsp;<\/p>\n","protected":false},"excerpt":{"rendered":"Peeter Laurits \u201cMiski on k\u00f5igega seotud\u201d Peeter Lauritsa autorin\u00e4itus pakub uusi viise looduse n\u00e4gemiseks ja tajumiseks. \u201eMa armastan v\u00e4ga suuri ja vanu metsi, kuhu v\u00f5ib \u00e4ra eksida. Eksida p\u00e4riselt, v\u00f5tmata taskust telefoni, uurimata kaarti, mitte otsides koduteed, vaid uidates v\u00e4rskete silmadega ringi ja olles m\u00f5nuga eksinud. Niimoodi n\u00e4eb rohkem ja saab tunda metsa palju selgema&#8230; <a class=\"view-article\" href=\"https:\/\/jaaaeg.ee\/ru\/naitused\/laurits-miski-on-koigega-seotud\/\">\u041f\u0440\u043e\u0447\u0438\u0442\u0430\u0439\u0442\u0435 \u0431\u043e\u043b\u044c\u0448\u0435<\/a>","protected":false},"author":1,"featured_media":0,"parent":26839,"menu_order":41,"comment_status":"closed","ping_status":"closed","template":"template-sidebar.php","meta":{"_acf_changed":false,"ngg_post_thumbnail":0,"footnotes":""},"class_list":["post-26237","page","type-page","status-publish","hentry"],"acf":[],"yoast_head":"<!-- This site is optimized with the Yoast SEO plugin v27.5 - https:\/\/yoast.com\/product\/yoast-seo-wordpress\/ -->\n<title>Peeter Laurits &quot;Miski on k\u00f5igega seotud&quot; - J\u00e4\u00e4aja Keskus<\/title>\n<meta name=\"description\" content=\"Peeter Lauritsa N\u00e4itus J\u00e4\u00e4aja Keskuses on avatud oktoobrist 2023 kuni september 2024. N\u00e4ituse eest t\u00e4name Eesti Loodusmuuseumi ja autorit.\" \/>\n<meta name=\"robots\" content=\"index, follow, max-snippet:-1, max-image-preview:large, max-video-preview:-1\" \/>\n<link rel=\"canonical\" href=\"https:\/\/jaaaeg.ee\/ru\/naitused\/laurits-miski-on-koigega-seotud\/\" \/>\n<meta property=\"og:locale\" content=\"ru_RU\" \/>\n<meta property=\"og:type\" content=\"article\" \/>\n<meta property=\"og:title\" content=\"Peeter Laurits &quot;Miski on k\u00f5igega seotud&quot; - J\u00e4\u00e4aja Keskus\" \/>\n<meta property=\"og:description\" content=\"Peeter Lauritsa N\u00e4itus J\u00e4\u00e4aja Keskuses on avatud oktoobrist 2023 kuni september 2024. N\u00e4ituse eest t\u00e4name Eesti Loodusmuuseumi ja autorit.\" \/>\n<meta property=\"og:url\" content=\"https:\/\/jaaaeg.ee\/ru\/naitused\/laurits-miski-on-koigega-seotud\/\" \/>\n<meta property=\"og:site_name\" content=\"J\u00e4\u00e4aja Keskus\" \/>\n<meta property=\"article:publisher\" content=\"https:\/\/www.facebook.com\/JaaajaKeskus\/\" \/>\n<meta property=\"article:modified_time\" content=\"2025-03-24T18:10:43+00:00\" \/>\n<meta name=\"twitter:card\" content=\"summary_large_image\" \/>\n<meta name=\"twitter:label1\" content=\"\u041f\u0440\u0438\u043c\u0435\u0440\u043d\u043e\u0435 \u0432\u0440\u0435\u043c\u044f \u0434\u043b\u044f \u0447\u0442\u0435\u043d\u0438\u044f\" \/>\n\t<meta name=\"twitter:data1\" content=\"1 \u043c\u0438\u043d\u0443\u0442\u0430\" \/>\n<script type=\"application\/ld+json\" class=\"yoast-schema-graph\">{\"@context\":\"https:\\\/\\\/schema.org\",\"@graph\":[{\"@type\":\"WebPage\",\"@id\":\"https:\\\/\\\/jaaaeg.ee\\\/ru\\\/naitused\\\/laurits-miski-on-koigega-seotud\\\/\",\"url\":\"https:\\\/\\\/jaaaeg.ee\\\/ru\\\/naitused\\\/laurits-miski-on-koigega-seotud\\\/\",\"name\":\"Peeter Laurits \\\"Miski on k\u00f5igega seotud\\\" - J\u00e4\u00e4aja Keskus\",\"isPartOf\":{\"@id\":\"https:\\\/\\\/jaaaeg.ee\\\/ru\\\/#website\"},\"datePublished\":\"2024-02-14T12:00:17+00:00\",\"dateModified\":\"2025-03-24T18:10:43+00:00\",\"description\":\"Peeter Lauritsa N\u00e4itus J\u00e4\u00e4aja Keskuses on avatud oktoobrist 2023 kuni september 2024. N\u00e4ituse eest t\u00e4name Eesti Loodusmuuseumi ja autorit.\",\"breadcrumb\":{\"@id\":\"https:\\\/\\\/jaaaeg.ee\\\/ru\\\/naitused\\\/laurits-miski-on-koigega-seotud\\\/#breadcrumb\"},\"inLanguage\":\"ru-RU\",\"potentialAction\":[{\"@type\":\"ReadAction\",\"target\":[\"https:\\\/\\\/jaaaeg.ee\\\/ru\\\/naitused\\\/laurits-miski-on-koigega-seotud\\\/\"]}]},{\"@type\":\"BreadcrumbList\",\"@id\":\"https:\\\/\\\/jaaaeg.ee\\\/ru\\\/naitused\\\/laurits-miski-on-koigega-seotud\\\/#breadcrumb\",\"itemListElement\":[{\"@type\":\"ListItem\",\"position\":1,\"name\":\"Home\",\"item\":\"https:\\\/\\\/jaaaeg.ee\\\/ru\\\/\"},{\"@type\":\"ListItem\",\"position\":2,\"name\":\"\u0412\u044b\u0441\u0442\u0430\u0432\u043a\u0438\",\"item\":\"https:\\\/\\\/jaaaeg.ee\\\/ru\\\/naitused\\\/\"},{\"@type\":\"ListItem\",\"position\":3,\"name\":\"Peeter Laurits &#8220;Miski on k\u00f5igega seotud&#8221;\"}]},{\"@type\":\"WebSite\",\"@id\":\"https:\\\/\\\/jaaaeg.ee\\\/ru\\\/#website\",\"url\":\"https:\\\/\\\/jaaaeg.ee\\\/ru\\\/\",\"name\":\"J\u00e4\u00e4aja Keskus\",\"description\":\"avastamisr\u00f5\u00f5m igas vanuses k\u00fclastajatele\",\"potentialAction\":[{\"@type\":\"SearchAction\",\"target\":{\"@type\":\"EntryPoint\",\"urlTemplate\":\"https:\\\/\\\/jaaaeg.ee\\\/ru\\\/?s={search_term_string}\"},\"query-input\":{\"@type\":\"PropertyValueSpecification\",\"valueRequired\":true,\"valueName\":\"search_term_string\"}}],\"inLanguage\":\"ru-RU\"}]}<\/script>\n<!-- \/ Yoast SEO plugin. -->","yoast_head_json":{"title":"Peeter Laurits \"Miski on k\u00f5igega seotud\" - J\u00e4\u00e4aja Keskus","description":"Peeter Lauritsa N\u00e4itus J\u00e4\u00e4aja Keskuses on avatud oktoobrist 2023 kuni september 2024. N\u00e4ituse eest t\u00e4name Eesti Loodusmuuseumi ja autorit.","robots":{"index":"index","follow":"follow","max-snippet":"max-snippet:-1","max-image-preview":"max-image-preview:large","max-video-preview":"max-video-preview:-1"},"canonical":"https:\/\/jaaaeg.ee\/ru\/naitused\/laurits-miski-on-koigega-seotud\/","og_locale":"ru_RU","og_type":"article","og_title":"Peeter Laurits \"Miski on k\u00f5igega seotud\" - J\u00e4\u00e4aja Keskus","og_description":"Peeter Lauritsa N\u00e4itus J\u00e4\u00e4aja Keskuses on avatud oktoobrist 2023 kuni september 2024. N\u00e4ituse eest t\u00e4name Eesti Loodusmuuseumi ja autorit.","og_url":"https:\/\/jaaaeg.ee\/ru\/naitused\/laurits-miski-on-koigega-seotud\/","og_site_name":"J\u00e4\u00e4aja Keskus","article_publisher":"https:\/\/www.facebook.com\/JaaajaKeskus\/","article_modified_time":"2025-03-24T18:10:43+00:00","twitter_card":"summary_large_image","twitter_misc":{"\u041f\u0440\u0438\u043c\u0435\u0440\u043d\u043e\u0435 \u0432\u0440\u0435\u043c\u044f \u0434\u043b\u044f \u0447\u0442\u0435\u043d\u0438\u044f":"1 \u043c\u0438\u043d\u0443\u0442\u0430"},"schema":{"@context":"https:\/\/schema.org","@graph":[{"@type":"WebPage","@id":"https:\/\/jaaaeg.ee\/ru\/naitused\/laurits-miski-on-koigega-seotud\/","url":"https:\/\/jaaaeg.ee\/ru\/naitused\/laurits-miski-on-koigega-seotud\/","name":"Peeter Laurits \"Miski on k\u00f5igega seotud\" - J\u00e4\u00e4aja Keskus","isPartOf":{"@id":"https:\/\/jaaaeg.ee\/ru\/#website"},"datePublished":"2024-02-14T12:00:17+00:00","dateModified":"2025-03-24T18:10:43+00:00","description":"Peeter Lauritsa N\u00e4itus J\u00e4\u00e4aja Keskuses on avatud oktoobrist 2023 kuni september 2024. N\u00e4ituse eest t\u00e4name Eesti Loodusmuuseumi ja autorit.","breadcrumb":{"@id":"https:\/\/jaaaeg.ee\/ru\/naitused\/laurits-miski-on-koigega-seotud\/#breadcrumb"},"inLanguage":"ru-RU","potentialAction":[{"@type":"ReadAction","target":["https:\/\/jaaaeg.ee\/ru\/naitused\/laurits-miski-on-koigega-seotud\/"]}]},{"@type":"BreadcrumbList","@id":"https:\/\/jaaaeg.ee\/ru\/naitused\/laurits-miski-on-koigega-seotud\/#breadcrumb","itemListElement":[{"@type":"ListItem","position":1,"name":"Home","item":"https:\/\/jaaaeg.ee\/ru\/"},{"@type":"ListItem","position":2,"name":"\u0412\u044b\u0441\u0442\u0430\u0432\u043a\u0438","item":"https:\/\/jaaaeg.ee\/ru\/naitused\/"},{"@type":"ListItem","position":3,"name":"Peeter Laurits &#8220;Miski on k\u00f5igega seotud&#8221;"}]},{"@type":"WebSite","@id":"https:\/\/jaaaeg.ee\/ru\/#website","url":"https:\/\/jaaaeg.ee\/ru\/","name":"J\u00e4\u00e4aja Keskus","description":"avastamisr\u00f5\u00f5m igas vanuses k\u00fclastajatele","potentialAction":[{"@type":"SearchAction","target":{"@type":"EntryPoint","urlTemplate":"https:\/\/jaaaeg.ee\/ru\/?s={search_term_string}"},"query-input":{"@type":"PropertyValueSpecification","valueRequired":true,"valueName":"search_term_string"}}],"inLanguage":"ru-RU"}]}},"_links":{"self":[{"href":"https:\/\/jaaaeg.ee\/ru\/wp-json\/wp\/v2\/pages\/26237","targetHints":{"allow":["GET"]}}],"collection":[{"href":"https:\/\/jaaaeg.ee\/ru\/wp-json\/wp\/v2\/pages"}],"about":[{"href":"https:\/\/jaaaeg.ee\/ru\/wp-json\/wp\/v2\/types\/page"}],"author":[{"embeddable":true,"href":"https:\/\/jaaaeg.ee\/ru\/wp-json\/wp\/v2\/users\/1"}],"replies":[{"embeddable":true,"href":"https:\/\/jaaaeg.ee\/ru\/wp-json\/wp\/v2\/comments?post=26237"}],"version-history":[{"count":10,"href":"https:\/\/jaaaeg.ee\/ru\/wp-json\/wp\/v2\/pages\/26237\/revisions"}],"predecessor-version":[{"id":28903,"href":"https:\/\/jaaaeg.ee\/ru\/wp-json\/wp\/v2\/pages\/26237\/revisions\/28903"}],"up":[{"embeddable":true,"href":"https:\/\/jaaaeg.ee\/ru\/wp-json\/wp\/v2\/pages\/26839"}],"wp:attachment":[{"href":"https:\/\/jaaaeg.ee\/ru\/wp-json\/wp\/v2\/media?parent=26237"}],"curies":[{"name":"wp","href":"https:\/\/api.w.org\/{rel}","templated":true}]}}